{"id":200,"date":"2021-06-19T00:32:42","date_gmt":"2021-06-19T04:32:42","guid":{"rendered":"http:\/\/localhost\/idea\/wordpress\/?page_id=200"},"modified":"2022-09-15T14:40:48","modified_gmt":"2022-09-15T18:40:48","slug":"agricultura-y-soberania-alimentaria","status":"publish","type":"page","link":"https:\/\/idea.gob.ve\/index.php\/agricultura-y-soberania-alimentaria\/","title":{"rendered":"Agricultura y Soberania Alimentaria"},"content":{"rendered":"\t\t<div data-elementor-type=\"wp-page\" data-elementor-id=\"200\" class=\"elementor elementor-200\" data-elementor-post-type=\"page\">\n\t\t\t\t\t\t\t\t\t<section class=\"elementor-section elementor-top-section elementor-element elementor-element-7c3751e elementor-section-boxed elementor-section-height-default elementor-section-height-default\" data-id=\"7c3751e\" data-element_type=\"section\">\n\t\t\t\t\t\t<div class=\"elementor-container elementor-column-gap-default\">\n\t\t\t\t\t<div class=\"elementor-column elementor-col-100 elementor-top-column elementor-element elementor-element-4561a17\" data-id=\"4561a17\" data-element_type=\"column\">\n\t\t\t<div class=\"elementor-widget-wrap elementor-element-populated\">\n\t\t\t\t\t\t\t\t<div class=\"elementor-element elementor-element-983df23 elementor-widget elementor-widget-spacer\" data-id=\"983df23\" data-element_type=\"widget\" data-widget_type=\"spacer.default\">\n\t\t\t\t<div class=\"elementor-widget-container\">\n\t\t\t\t\t<div class=\"elementor-spacer\">\n\t\t\t<div class=\"elementor-spacer-inner\"><\/div>\n\t\t<\/div>\n\t\t\t\t<\/div>\n\t\t\t\t<\/div>\n\t\t\t\t\t<\/div>\n\t\t<\/div>\n\t\t\t\t\t\t\t<\/div>\n\t\t<\/section>\n\t\t\t\t<section class=\"elementor-section elementor-top-section elementor-element elementor-element-7e5860e9 elementor-section-boxed elementor-section-height-default elementor-section-height-default\" data-id=\"7e5860e9\" data-element_type=\"section\">\n\t\t\t\t\t\t<div class=\"elementor-container elementor-column-gap-default\">\n\t\t\t\t\t<div class=\"elementor-column elementor-col-100 elementor-top-column elementor-element elementor-element-4d763755\" data-id=\"4d763755\" data-element_type=\"column\">\n\t\t\t<div class=\"elementor-widget-wrap elementor-element-populated\">\n\t\t\t\t\t\t\t\t<div class=\"elementor-element elementor-element-72c2be31 elementor-invisible elementor-widget elementor-widget-heading\" data-id=\"72c2be31\" data-element_type=\"widget\" data-settings=\"{&quot;_animation&quot;:&quot;fadeInLeft&quot;}\" data-widget_type=\"heading.default\">\n\t\t\t\t<div class=\"elementor-widget-container\">\n\t\t\t<h2 class=\"elementor-heading-title elementor-size-default\">\u00c1rea de agricultura y soberan\u00eda alimentaria<\/h2>\t\t<\/div>\n\t\t\t\t<\/div>\n\t\t\t\t\t<\/div>\n\t\t<\/div>\n\t\t\t\t\t\t\t<\/div>\n\t\t<\/section>\n\t\t\t\t<section class=\"elementor-section elementor-top-section elementor-element elementor-element-6787748e elementor-section-boxed elementor-section-height-default elementor-section-height-default\" data-id=\"6787748e\" data-element_type=\"section\">\n\t\t\t\t\t\t<div class=\"elementor-container elementor-column-gap-default\">\n\t\t\t\t\t<div class=\"elementor-column elementor-col-100 elementor-top-column elementor-element elementor-element-c760179\" data-id=\"c760179\" data-element_type=\"column\">\n\t\t\t<div class=\"elementor-widget-wrap elementor-element-populated\">\n\t\t\t\t\t\t\t\t<div class=\"elementor-element elementor-element-5f0f6e10 elementor-widget elementor-widget-text-editor\" data-id=\"5f0f6e10\" data-element_type=\"widget\" data-widget_type=\"text-editor.default\">\n\t\t\t\t<div class=\"elementor-widget-container\">\n\t\t\t\t\t\t\t<p><strong>Visi\u00f3n:<\/strong><\/p><p>Ser un centro de referencia mundial en investigaci\u00f3n y aplicaci\u00f3n de herramientas\u00a0 biotecnol\u00f3gicas compatibles con el ambiente, ofreciendo soluciones innovadoras y pertinentes en escenarios de complejidad socioecon\u00f3mica para el desarrollo de la actividad agr\u00edcola y la Soberan\u00eda Alimentaria.<\/p><p><strong>Misi\u00f3n:<\/strong><\/p><p>El \u00c1rea de Agricultura y Soberan\u00eda Alimentaria se dedica a la generaci\u00f3n y adaptaci\u00f3n de estrategias biotecnol\u00f3gicas aplicables a las necesidades de la agricultura, generando espacios interdisciplinarios orientados a la transformaci\u00f3n del modelo productivo de manera eficiente y socialmente responsable.<\/p><p><strong>Objetivos<\/strong><\/p><p>Reducir la dependencia tecnol\u00f3gica de insumos agr\u00edcolas estrat\u00e9gicos.<\/p><p>Desarrollar una agricultura con referentes compatibles y ecol\u00f3gicamente sustentables con el tr\u00f3pico.<\/p><p>Fortalecer y orientar la actividad cient\u00edfica, tecnol\u00f3gica y de innovaci\u00f3n a trav\u00e9s de la realizaci\u00f3n de actividades de formaci\u00f3n, divulgaci\u00f3n, transferencia y apropiaci\u00f3n.<\/p><p><strong>Programas de Investigaci\u00f3n<\/strong><\/p><p>1) Herramientas biotecnol\u00f3gicas para la propagaci\u00f3n masiva de plantas.<\/p><p>2)Herramientas biotecnol\u00f3gicas para el mejoramiento gen\u00e9tico de plantas.<\/p><p>3) Herramientas biotecnol\u00f3gicas para la salud agr\u00edcola integral.<\/p><p>4)Estudios sociales para el fortalecimiento de la seguridad y la soberan\u00eda alimentaria.<\/p><p><strong>HERRAMIENTAS BIOTECNOL\u00d3GICAS PARA LA PROPAGACI\u00d3N MASIVA DE PLANTAS.<\/strong><\/p><p>La propagaci\u00f3n masiva de plantas por m\u00e9todos biotecnol\u00f3gicos constituye en la actualidad una herramienta importante para el desarrollo agr\u00edcola del pa\u00eds, ofreciendo\u00a0 alternativas para conservar materiales promisorios en espacios reducidos, libres de plagas y enfermedades y aumentando el vigor por rejuvenecimiento.<\/p><p>El objetivo del programa es profundizar el conocimiento sobre las t\u00e9cnicas de cultivo in vitro y el desarrollo de modelos para la implementaci\u00f3n de tecnolog\u00edas para la producci\u00f3n de semillas.<\/p><p><strong>L\u00edneas de investigaci\u00f3n<\/strong><\/p><p>1.- Multiplicaci\u00f3n in vitro de plantas de inter\u00e9s agr\u00edcola.<\/p><p>2.- Propagaci\u00f3n masiva de plantas por sistema autotr\u00f3fico<\/p><p>3.- Producci\u00f3n masiva de plantas a trav\u00e9s de biorreactores.<\/p><p>4.- Establecimiento y conservaci\u00f3n in vitro de plantas de inter\u00e9s agr\u00edcola.<\/p><p>5.- Desarrollo de metodolog\u00edas de aclimatizaci\u00f3n de plantas de inter\u00e9s agr\u00edcola.<\/p><p><strong>HERRAMIENTAS BIOTECNOL\u00d3GICAS PARA LA SALUD AGR\u00cdCOLA INTEGRAL<\/strong><\/p><p>La salud agr\u00edcola integral est\u00e1 relacionada a la salud primaria de animales, vegetales, suelo, agua, aire, personas, y la estrecha relaci\u00f3n entre cada uno de ellos, incorporando principios de la ciencia agroecol\u00f3gica que promuevan la soberan\u00eda alimentaria y la protecci\u00f3n de la diversidad biol\u00f3gica.<\/p><p>El objetivo de este programa es estudiar microorganismos ben\u00e9ficos y pat\u00f3genos de cultivos de inter\u00e9s agr\u00edcola mediante herramientas biotecnol\u00f3gicas, con la finalidad de impulsar una producci\u00f3n agr\u00edcola sustentable.<\/p><p><strong>L\u00edneas de Investigaci\u00f3n<\/strong><\/p><p>1.- Caracterizaci\u00f3n bioqu\u00edmica, molecular y funcional de microorganismos que act\u00faan en la nutrici\u00f3n, desarrollo y defensa de la planta, o causan alg\u00fan tipo de da\u00f1o.<\/p><p>2.- Interacciones plantas-microorganismos para la nutrici\u00f3n, desarrollo y defensa de plantas.<\/p><p>3.- Estandarizar metodolog\u00edas para obtener semilla asexual procedente de cultivo in vitro libre de pat\u00f3genos y en interacci\u00f3n con microorganismos ben\u00e9ficos.<\/p><p>4.- Selecci\u00f3n in vitro de microorganismos con aplicaci\u00f3n para el control de pat\u00f3genos.<\/p><p><strong>HERRAMIENTAS BIOTECNOLOG\u00cdAS PARA EL MEJORAMIENTO GEN\u00c9TICO DE PLANTAS<\/strong><\/p><p>El mejoramiento gen\u00e9tico utiliza t\u00e9cnicas y herramientas que permiten la selecci\u00f3n y mejora de caracteres agron\u00f3micos de inter\u00e9s, incrementando la producci\u00f3n agr\u00edcola y la obtenci\u00f3n de nuevos productos biotecnol\u00f3gicos de bajo impacto al entorno con aplicaci\u00f3n en la agricultura, la salud o el ambiente.<\/p><p>El objetivo del programa es hacer mejoramiento gen\u00e9tico de plantas, asistido por herramientas biotecnolog\u00edas considerando el conocimiento de nuevos genes, prote\u00ednas y metabolitos de inter\u00e9s agron\u00f3mico, para apoyar la disponibilidad de nuevos cultivares y los planes de producci\u00f3n de semilla soberana; adem\u00e1s fortalecer los bancos de germoplasma e incentivar su utilizaci\u00f3n en programas de mejoramiento.<\/p><p><strong>L\u00edneas de Investigaci\u00f3n<\/strong><\/p><p>1.- Caracterizaci\u00f3n de productos naturales de inter\u00e9s agr\u00edcola.<\/p><p>2.-Inducci\u00f3n de mutaciones, variaci\u00f3n somaclonal y selecci\u00f3n in vitro.<\/p><p>3.- Obtenci\u00f3n de plantas haploides.<\/p><p>4.- Identificaci\u00f3n y aplicaci\u00f3n de biomarcadores de inter\u00e9s agr\u00edcola.<\/p><p>5.- Interacci\u00f3n de genotipo ambiente.<\/p><p><strong>ESTUDIOS SOCIALES PARA LA SOBERAN\u00cdA ALIMENTARIA<\/strong><\/p><p>El Programa de Estudios Sociales para la Soberan\u00eda Alimentaria (PESSA) responde a la necesidad de ampliar nuestras fronteras de an\u00e1lisis, entendiendo la agricultura como un hecho social complejo, y abriendo espacio para el di\u00e1logo e intercambio (comunidad \u2013 ciencia \u2013 institucionalidad) de conocimientos t\u00e9cnicos, pol\u00edticos y organizacionales vinculados al fortalecimiento de la Soberan\u00eda Alimentaria.<\/p><p>El Objetivo del programa es generar conocimientos con un enfoque interdisciplinario compartido que nos permita articular la investigaci\u00f3n cient\u00edfica y biotecnol\u00f3gica desarrollada en nuestros laboratorios con la actividad agr\u00edcola de las comunidades, mediante el uso de herramientas conceptuales, metodolog\u00edas e indicadores que tomen en cuenta la complejidad de los procesos, asi como aspectos socio-productivos presentes en los proyectos en curso.<\/p><p>L\u00edneas de investigaci\u00f3n<\/p><p>Soberan\u00eda Alimentaria como marco interpretativo de realidades agr\u00edcolas.<\/p><p>Tecnolog\u00eda, Desarrollo, Sustentabilidad y Conflictos Ambientales.<\/p><p>Formas de organizaci\u00f3n para la producci\u00f3n agr\u00edcola y Soberan\u00eda Alimentaria.<\/p><p>Estado, Pol\u00edticas P\u00fablicas y Procesos de Transformaci\u00f3n Agraria en Venezuela.<\/p><p>Herramientas y estrategias para el encuentro\/intercambio de saberes cient\u00edficos y populares en el \u00e1mbito agr\u00edcola.<\/p>\t\t\t\t\t\t<\/div>\n\t\t\t\t<\/div>\n\t\t\t\t\t<\/div>\n\t\t<\/div>\n\t\t\t\t\t\t\t<\/div>\n\t\t<\/section>\n\t\t\t\t\t\t\t<\/div>\n\t\t","protected":false},"excerpt":{"rendered":"<p>\u00c1rea de agricultura y soberan\u00eda alimentaria Visi\u00f3n: Ser un centro de referencia mundial en investigaci\u00f3n y aplicaci\u00f3n de herramientas\u00a0 biotecnol\u00f3gicas compatibles con el ambiente, ofreciendo soluciones innovadoras y pertinentes en [&hellip;]<\/p>\n","protected":false},"author":3,"featured_media":0,"parent":0,"menu_order":0,"comment_status":"closed","ping_status":"closed","template":"elementor_header_footer","meta":{"footnotes":""},"class_list":["post-200","page","type-page","status-publish","hentry"],"_links":{"self":[{"href":"https:\/\/idea.gob.ve\/index.php\/wp-json\/wp\/v2\/pages\/200","targetHints":{"allow":["GET"]}}],"collection":[{"href":"https:\/\/idea.gob.ve\/index.php\/wp-json\/wp\/v2\/pages"}],"about":[{"href":"https:\/\/idea.gob.ve\/index.php\/wp-json\/wp\/v2\/types\/page"}],"author":[{"embeddable":true,"href":"https:\/\/idea.gob.ve\/index.php\/wp-json\/wp\/v2\/users\/3"}],"replies":[{"embeddable":true,"href":"https:\/\/idea.gob.ve\/index.php\/wp-json\/wp\/v2\/comments?post=200"}],"version-history":[{"count":17,"href":"https:\/\/idea.gob.ve\/index.php\/wp-json\/wp\/v2\/pages\/200\/revisions"}],"predecessor-version":[{"id":1494,"href":"https:\/\/idea.gob.ve\/index.php\/wp-json\/wp\/v2\/pages\/200\/revisions\/1494"}],"wp:attachment":[{"href":"https:\/\/idea.gob.ve\/index.php\/wp-json\/wp\/v2\/media?parent=200"}],"curies":[{"name":"wp","href":"https:\/\/api.w.org\/{rel}","templated":true}]}}